{"id":2309,"date":"2023-05-18T13:54:34","date_gmt":"2023-05-18T13:54:34","guid":{"rendered":"https:\/\/hotelpalmeral.com\/?page_id=2309"},"modified":"2023-05-18T13:55:12","modified_gmt":"2023-05-18T13:55:12","slug":"declaracion-de-accesibilidad","status":"publish","type":"page","link":"https:\/\/hotelpalmeral.com\/fr\/declaracion-de-accesibilidad\/","title":{"rendered":"Declaraci\u00f3n de accesibilidad"},"content":{"rendered":"<p><div class=\"et_d4_element et_pb_section et_pb_section_0 altura_presentacion_sin_menu et_pb_with_background  et_pb_css_mix_blend_mode et_section_regular et_block_section\" >\n\t\t\t\t\n\t\t\t\t\n\t\t\t\t\n\t\t\t\t\n\t\t\t\t\n\t\t\t\t\n\t\t\t\t<div class=\"et_d4_element et_pb_row et_pb_row_0  et_pb_css_mix_blend_mode et_block_row\">\n\t\t\t\t<div class=\"et_d4_element et_pb_column_4_4 et_pb_column et_pb_column_0  et_pb_css_mix_blend_mode et-last-child et_block_column\">\n\t\t\t\t\n\t\t\t\t\n\t\t\t\t\n\t\t\t\t\n\t\t\t\t<div class=\"et_pb_with_border et_pb_module et_d4_element et_pb_divider_0 et_pb_space et_pb_divider_hidden\"><div class=\"et_pb_divider_internal\"><\/div><\/div><div class=\"et_pb_module et_d4_element et_pb_text et_pb_text_0  et_pb_text_align_left et_pb_bg_layout_light\">\n\t\t\t\t\n\t\t\t\t\n\t\t\t\t\n\t\t\t\t\n\t\t\t\t<div class=\"et_pb_text_inner\"><h1>VACANCES DE<\/h1>\n<h1>R\u00caVE \u00c0<\/h1>\n<h1>HOTEL PALMERAL<\/h1><\/div>\n\t\t\t<\/div><div class=\"et_pb_with_border et_pb_module et_d4_element et_pb_divider_1 et_pb_space et_pb_divider_hidden\"><div class=\"et_pb_divider_internal\"><\/div><\/div>\n\t\t\t<\/div>\n\t\t\t\t\n\t\t\t\t\n\t\t\t\t\n\t\t\t\t\n\t\t\t<\/div>\n\t\t\t\t\n\t\t\t\t\n\t\t\t<\/div><div class=\"et_d4_element et_pb_section et_pb_section_1  et_pb_css_mix_blend_mode et_section_regular et_block_section\" >\n\t\t\t\t\n\t\t\t\t\n\t\t\t\t\n\t\t\t\t\n\t\t\t\t\n\t\t\t\t\n\t\t\t\t<div class=\"et_d4_element et_pb_row et_pb_row_1 et_pb_equal_columns et_pb_gutters2  et_pb_css_mix_blend_mode et_block_row\">\n\t\t\t\t<div class=\"et_d4_element et_pb_column_4_4 et_pb_column et_pb_column_1  et_pb_css_mix_blend_mode et-last-child et_block_column\">\n\t\t\t\t\n\t\t\t\t\n\t\t\t\t\n\t\t\t\t\n\t\t\t\t<div class=\"et_pb_module et_d4_element et_pb_text et_pb_text_1 peso_bold_500  et_pb_text_align_left et_pb_bg_layout_light\">\n\t\t\t\t\n\t\t\t\t\n\t\t\t\t\n\t\t\t\t\n\t\t\t\t<div class=\"et_pb_text_inner\"><header class=\"text-center\">\n<header class=\"text-center\">\n<p><b>INTRODUCCI\u00d3N\u00a0<\/b><\/p>\n<p><i><span style=\"font-weight: 400;\">Hotel El Palmeral se ha comprometido a hacer accesible su sitio web, de conformidad con <\/span><\/i><a href=\"https:\/\/www.boe.es\/buscar\/act.php?id=BOE-A-2018-12699\"><span style=\"font-weight: 400;\">Real<\/span> <span style=\"font-weight: 400;\">Decreto 1112\/2018, de 7 de septiembre, sobre accesibilidad de los sitios web<\/span> <span style=\"font-weight: 400;\">y aplicaciones para dispositivos m\u00f3viles del sector p\u00fablico<\/span><\/a><\/p>\n<p><span style=\"font-weight: 400;\">\u00a0<\/span><\/p>\n<p><i><span style=\"font-weight: 400;\">La presente declaraci\u00f3n de accesibilidad se aplica a https:\/\/hotelpalmeral.com\/<\/span><\/i><\/p>\n<p><span style=\"font-weight: 400;\">\u00a0\u00a0<\/span><\/p>\n<p><b>SITUACI\u00d3N DE CUMPLIMIENTO\u00a0<\/b><\/p>\n<h2 class=\"m-auto\"><\/h2>\n<p><i><span style=\"font-weight: 400;\">Este sitio web es <\/span><\/i><span style=\"font-weight: 400;\">\u00a0<\/span><b>parcialmente <\/b><i><span style=\"font-weight: 400;\">conforme<\/span><\/i><span style=\"font-weight: 400;\"> con el <\/span><a href=\"https:\/\/www.boe.es\/buscar\/act.php?id=BOE-A-2018-12699\"><span style=\"font-weight: 400;\">Real<\/span> <span style=\"font-weight: 400;\">Decreto 1112\/2018, de 7 de septiembre, sobre accesibilidad de los sitios web<\/span> <span style=\"font-weight: 400;\">y aplicaciones para dispositivos m\u00f3viles del sector p\u00fablico<\/span><\/a><span style=\"font-weight: 400;\"> debido <\/span><i><span style=\"font-weight: 400;\">a la falta de conformidad de los aspectos<\/span><\/i><span style=\"font-weight: 400;\"> que se <\/span><i><span style=\"font-weight: 400;\">indican<\/span><\/i><span style=\"font-weight: 400;\"> a continuaci\u00f3n.\u00a0<\/span><\/p>\n<p><span style=\"font-weight: 400;\">\u00a0<\/span><\/p>\n<p><b>CONTENIDO NO ACCESIBLE\u00a0<\/b><\/p>\n<p><i><span style=\"font-weight: 400;\">El contenido que se recoge a continuaci\u00f3n no es accesible por lo siguiente:<\/span><\/i><span style=\"font-weight: 400;\">\u00a0<\/span><\/p>\n<p><span style=\"font-weight: 400;\">\u00a0<\/span><\/p>\n<ol>\n<li style=\"font-weight: 400;\" aria-level=\"1\"><b><i>falta de conformidad con <\/i><\/b><a href=\"https:\/\/www.boe.es\/buscar\/act.php?id=BOE-A-2018-12699\"><span style=\"font-weight: 400;\">Real<\/span> <span style=\"font-weight: 400;\">Decreto 1112\/2018, de 7 de septiembre, sobre accesibilidad de los sitios web<\/span> <span style=\"font-weight: 400;\">y aplicaciones para dispositivos m\u00f3viles del sector p\u00fablico<\/span><\/a><\/li>\n<\/ol>\n<p><span style=\"font-weight: 400;\">Puede ser que en alguna p\u00e1gina el contraste de los colores texto-fondo no alcancen por poco el ratio necesario. As\u00ed tampoco se dispone de un mecanismo para evitar los bloques de contenido repetidos. Tambi\u00e9n puede ser que alguna interfaz de usuario no tenga un foco de teclado visible. El idioma de cada pasaje no est\u00e1 etiquetado, sino que se realiza de manera general. Tampoco se dispone de servicios de apoyo integrados en la p\u00e1gina.<\/span><\/p>\n<p><span style=\"font-weight: 400;\">\u00a0<\/span><\/p>\n<ol>\n<li style=\"font-weight: 400;\" aria-level=\"1\"><b><i>Carga desproporcionada: no aplica<\/i><\/b><\/li>\n<\/ol>\n<p><span style=\"font-weight: 400;\">\u00a0<\/span><\/p>\n<p><b>PREPARACI\u00d3N<\/b> <b>DE<\/b> <b>LA<\/b> <b>PRESENTE<\/b> <b>DECLARACI\u00d3N<\/b> <b>DE ACCESIBILIDAD\u00a0<\/b><\/p>\n<p><i><span style=\"font-weight: 400;\">La presente declaraci\u00f3n fue preparada el 18 de mayo de 2023.<\/span><\/i><span style=\"font-weight: 400;\">\u00a0<\/span><\/p>\n<p><i><span style=\"font-weight: 400;\">El m\u00e9todo empleado para preparar la declaraci\u00f3n ha sido la autoevaluaci\u00f3n llevada a cabo por Softme.<\/span><\/i><\/p>\n<p><span style=\"font-weight: 400;\">\u00a0<\/span><\/p>\n<p><i><span style=\"font-weight: 400;\">\u00daltima revisi\u00f3n de la declaraci\u00f3n: el 18 de mayo de 2023.<\/span><\/i><span style=\"font-weight: 400;\">\u00a0<\/span><\/p>\n<p><span style=\"font-weight: 400;\">\u00a0<\/span><\/p>\n<p><b>OBSERVACIONES Y DATOS DE CONTACTO\u00a0<\/b><\/p>\n<p><i><span style=\"font-weight: 400;\">Puede realizar comunicaciones sobre requisitos de accesibilidad (art\u00edculo 10.2.a) del <\/span><\/i><a href=\"https:\/\/www.boe.es\/buscar\/act.php?id=BOE-A-2018-12699\"><span style=\"font-weight: 400;\">Real<\/span> <span style=\"font-weight: 400;\">Decreto 1112\/2018, de 7 de septiembre, sobre accesibilidad de los sitios web<\/span> <span style=\"font-weight: 400;\">y aplicaciones para dispositivos m\u00f3viles del sector p\u00fablico<\/span><\/a><i><span style=\"font-weight: 400;\"> como, por ejemplo:<\/span><\/i><\/p>\n<p>&nbsp;<\/p>\n<ul>\n<li style=\"font-weight: 400;\" aria-level=\"1\"><i><span style=\"font-weight: 400;\">Informar sobre cualquier posible incumplimiento por parte de este sitio web.<\/span><\/i><\/li>\n<\/ul>\n<ul>\n<li style=\"font-weight: 400;\" aria-level=\"1\"><i><span style=\"font-weight: 400;\">Transmitir otras dificultades de acceso al contenido.<\/span><\/i><\/li>\n<\/ul>\n<ul>\n<li style=\"font-weight: 400;\" aria-level=\"1\"><i><span style=\"font-weight: 400;\">Formular cualquier otra consulta o sugerencia de mejora relativa a la accesibilidad del sitio web.<\/span><\/i><\/li>\n<\/ul>\n<p>&nbsp;<\/p>\n<p><i><span style=\"font-weight: 400;\">A trav\u00e9s de la siguiente v\u00eda:<\/span><\/i><\/p>\n<p>&nbsp;<\/p>\n<p><i><span style=\"font-weight: 400;\">Correo electr\u00f3nico: marketing@softme.es<\/span><\/i><\/p>\n<h2 class=\"m-auto\"><\/h2>\n<p><b>PROCEDIMIENTO DE APLICACI\u00d3N\u00a0<\/b><\/p>\n<p><i><span style=\"font-weight: 400;\">A trav\u00e9s de este procedimiento podr\u00e1 iniciar una reclamaci\u00f3n para conocer y oponerse a los motivos de la desestimaci\u00f3n de una solicitud de informaci\u00f3n accesible o queja, instar la adopci\u00f3n de las medidas oportunas en el caso de no estar de acuerdo con la decisi\u00f3n adoptada, o exponer las razones por las que se considera que la respuesta no cumple con los requisitos exigidos.<\/span><\/i><\/p>\n<p><span style=\"font-weight: 400;\">\u00a0<\/span><\/p>\n<\/header>\n<\/header><\/div>\n\t\t\t<\/div>\n\t\t\t<\/div>\n\t\t\t\t\n\t\t\t\t\n\t\t\t\t\n\t\t\t\t\n\t\t\t<\/div>\n\t\t\t\t\n\t\t\t\t\n\t\t\t<\/div><\/p>","protected":false},"excerpt":{"rendered":"","protected":false},"author":1,"featured_media":0,"parent":0,"menu_order":0,"comment_status":"closed","ping_status":"closed","template":"","meta":{"inline_featured_image":false,"_et_pb_use_builder":"on","_et_pb_old_content":"","_et_gb_content_width":"","footnotes":""},"class_list":["post-2309","page","type-page","status-publish","hentry"],"yoast_head":"<!-- This site is optimized with the Yoast SEO plugin v27.5 - https:\/\/yoast.com\/product\/yoast-seo-wordpress\/ -->\r\n<title>Declaraci\u00f3n de accesibilidad - Hotel El Palmeral<\/title>\r\n<meta name=\"robots\" content=\"index, follow, max-snippet:-1, max-image-preview:large, max-video-preview:-1\" \/>\r\n<link rel=\"canonical\" href=\"https:\/\/hotelpalmeral.com\/fr\/declaracion-de-accesibilidad\/\" \/>\r\n<meta property=\"og:locale\" content=\"fr_FR\" \/>\r\n<meta property=\"og:type\" content=\"article\" \/>\r\n<meta property=\"og:title\" content=\"Declaraci\u00f3n de accesibilidad - Hotel El Palmeral\" \/>\r\n<meta property=\"og:url\" content=\"https:\/\/hotelpalmeral.com\/fr\/declaracion-de-accesibilidad\/\" \/>\r\n<meta property=\"og:site_name\" content=\"Hotel El Palmeral\" \/>\r\n<meta property=\"article:publisher\" content=\"https:\/\/www.facebook.com\/HotelPalmeralBenidorm\" \/>\r\n<meta property=\"article:modified_time\" content=\"2023-05-18T13:55:12+00:00\" \/>\r\n<meta name=\"twitter:card\" content=\"summary_large_image\" \/>\r\n<meta name=\"twitter:site\" content=\"@hotelelpalmeral\" \/>\r\n<script type=\"application\/ld+json\" class=\"yoast-schema-graph\">{\"@context\":\"https:\\\/\\\/schema.org\",\"@graph\":[{\"@type\":\"WebPage\",\"@id\":\"https:\\\/\\\/hotelpalmeral.com\\\/declaracion-de-accesibilidad\\\/\",\"url\":\"https:\\\/\\\/hotelpalmeral.com\\\/declaracion-de-accesibilidad\\\/\",\"name\":\"Declaraci\u00f3n de accesibilidad - Hotel El Palmeral\",\"isPartOf\":{\"@id\":\"https:\\\/\\\/hotelpalmeral.com\\\/#website\"},\"datePublished\":\"2023-05-18T13:54:34+00:00\",\"dateModified\":\"2023-05-18T13:55:12+00:00\",\"breadcrumb\":{\"@id\":\"https:\\\/\\\/hotelpalmeral.com\\\/declaracion-de-accesibilidad\\\/#breadcrumb\"},\"inLanguage\":\"fr-FR\",\"potentialAction\":[{\"@type\":\"ReadAction\",\"target\":[\"https:\\\/\\\/hotelpalmeral.com\\\/declaracion-de-accesibilidad\\\/\"]}]},{\"@type\":\"BreadcrumbList\",\"@id\":\"https:\\\/\\\/hotelpalmeral.com\\\/declaracion-de-accesibilidad\\\/#breadcrumb\",\"itemListElement\":[{\"@type\":\"ListItem\",\"position\":1,\"name\":\"Portada\",\"item\":\"https:\\\/\\\/hotelpalmeral.com\\\/\"},{\"@type\":\"ListItem\",\"position\":2,\"name\":\"Declaraci\u00f3n de accesibilidad\"}]},{\"@type\":\"WebSite\",\"@id\":\"https:\\\/\\\/hotelpalmeral.com\\\/#website\",\"url\":\"https:\\\/\\\/hotelpalmeral.com\\\/\",\"name\":\"Hotel El Palmeral\",\"description\":\"Hotel en Benidorm\",\"publisher\":{\"@id\":\"https:\\\/\\\/hotelpalmeral.com\\\/#organization\"},\"potentialAction\":[{\"@type\":\"SearchAction\",\"target\":{\"@type\":\"EntryPoint\",\"urlTemplate\":\"https:\\\/\\\/hotelpalmeral.com\\\/?s={search_term_string}\"},\"query-input\":{\"@type\":\"PropertyValueSpecification\",\"valueRequired\":true,\"valueName\":\"search_term_string\"}}],\"inLanguage\":\"fr-FR\"},{\"@type\":\"Organization\",\"@id\":\"https:\\\/\\\/hotelpalmeral.com\\\/#organization\",\"name\":\"Hotel El Palmeral\",\"url\":\"https:\\\/\\\/hotelpalmeral.com\\\/\",\"logo\":{\"@type\":\"ImageObject\",\"inLanguage\":\"fr-FR\",\"@id\":\"https:\\\/\\\/hotelpalmeral.com\\\/#\\\/schema\\\/logo\\\/image\\\/\",\"url\":\"https:\\\/\\\/hotelpalmeral.com\\\/wp-content\\\/uploads\\\/2023\\\/03\\\/Logo-footer.png\",\"contentUrl\":\"https:\\\/\\\/hotelpalmeral.com\\\/wp-content\\\/uploads\\\/2023\\\/03\\\/Logo-footer.png\",\"width\":229,\"height\":265,\"caption\":\"Hotel El Palmeral\"},\"image\":{\"@id\":\"https:\\\/\\\/hotelpalmeral.com\\\/#\\\/schema\\\/logo\\\/image\\\/\"},\"sameAs\":[\"https:\\\/\\\/www.facebook.com\\\/HotelPalmeralBenidorm\",\"https:\\\/\\\/x.com\\\/hotelelpalmeral\",\"https:\\\/\\\/www.instagram.com\\\/hotelpalmeralbenidorm\\\/\"]}]}<\/script>\r\n<!-- \/ Yoast SEO plugin. -->","yoast_head_json":{"title":"Declaraci\u00f3n de accesibilidad - Hotel El Palmeral","robots":{"index":"index","follow":"follow","max-snippet":"max-snippet:-1","max-image-preview":"max-image-preview:large","max-video-preview":"max-video-preview:-1"},"canonical":"https:\/\/hotelpalmeral.com\/fr\/declaracion-de-accesibilidad\/","og_locale":"fr_FR","og_type":"article","og_title":"Declaraci\u00f3n de accesibilidad - Hotel El Palmeral","og_url":"https:\/\/hotelpalmeral.com\/fr\/declaracion-de-accesibilidad\/","og_site_name":"Hotel El Palmeral","article_publisher":"https:\/\/www.facebook.com\/HotelPalmeralBenidorm","article_modified_time":"2023-05-18T13:55:12+00:00","twitter_card":"summary_large_image","twitter_site":"@hotelelpalmeral","schema":{"@context":"https:\/\/schema.org","@graph":[{"@type":"WebPage","@id":"https:\/\/hotelpalmeral.com\/declaracion-de-accesibilidad\/","url":"https:\/\/hotelpalmeral.com\/declaracion-de-accesibilidad\/","name":"Declaraci\u00f3n de accesibilidad - Hotel El Palmeral","isPartOf":{"@id":"https:\/\/hotelpalmeral.com\/#website"},"datePublished":"2023-05-18T13:54:34+00:00","dateModified":"2023-05-18T13:55:12+00:00","breadcrumb":{"@id":"https:\/\/hotelpalmeral.com\/declaracion-de-accesibilidad\/#breadcrumb"},"inLanguage":"fr-FR","potentialAction":[{"@type":"ReadAction","target":["https:\/\/hotelpalmeral.com\/declaracion-de-accesibilidad\/"]}]},{"@type":"BreadcrumbList","@id":"https:\/\/hotelpalmeral.com\/declaracion-de-accesibilidad\/#breadcrumb","itemListElement":[{"@type":"ListItem","position":1,"name":"Portada","item":"https:\/\/hotelpalmeral.com\/"},{"@type":"ListItem","position":2,"name":"Declaraci\u00f3n de accesibilidad"}]},{"@type":"WebSite","@id":"https:\/\/hotelpalmeral.com\/#website","url":"https:\/\/hotelpalmeral.com\/","name":"Hotel El Palmeral","description":"Hotel en Benidorm","publisher":{"@id":"https:\/\/hotelpalmeral.com\/#organization"},"potentialAction":[{"@type":"SearchAction","target":{"@type":"EntryPoint","urlTemplate":"https:\/\/hotelpalmeral.com\/?s={search_term_string}"},"query-input":{"@type":"PropertyValueSpecification","valueRequired":true,"valueName":"search_term_string"}}],"inLanguage":"fr-FR"},{"@type":"Organization","@id":"https:\/\/hotelpalmeral.com\/#organization","name":"Hotel El Palmeral","url":"https:\/\/hotelpalmeral.com\/","logo":{"@type":"ImageObject","inLanguage":"fr-FR","@id":"https:\/\/hotelpalmeral.com\/#\/schema\/logo\/image\/","url":"https:\/\/hotelpalmeral.com\/wp-content\/uploads\/2023\/03\/Logo-footer.png","contentUrl":"https:\/\/hotelpalmeral.com\/wp-content\/uploads\/2023\/03\/Logo-footer.png","width":229,"height":265,"caption":"Hotel El Palmeral"},"image":{"@id":"https:\/\/hotelpalmeral.com\/#\/schema\/logo\/image\/"},"sameAs":["https:\/\/www.facebook.com\/HotelPalmeralBenidorm","https:\/\/x.com\/hotelelpalmeral","https:\/\/www.instagram.com\/hotelpalmeralbenidorm\/"]}]}},"_links":{"self":[{"href":"https:\/\/hotelpalmeral.com\/fr\/wp-json\/wp\/v2\/pages\/2309","targetHints":{"allow":["GET"]}}],"collection":[{"href":"https:\/\/hotelpalmeral.com\/fr\/wp-json\/wp\/v2\/pages"}],"about":[{"href":"https:\/\/hotelpalmeral.com\/fr\/wp-json\/wp\/v2\/types\/page"}],"author":[{"embeddable":true,"href":"https:\/\/hotelpalmeral.com\/fr\/wp-json\/wp\/v2\/users\/1"}],"replies":[{"embeddable":true,"href":"https:\/\/hotelpalmeral.com\/fr\/wp-json\/wp\/v2\/comments?post=2309"}],"version-history":[{"count":3,"href":"https:\/\/hotelpalmeral.com\/fr\/wp-json\/wp\/v2\/pages\/2309\/revisions"}],"predecessor-version":[{"id":2312,"href":"https:\/\/hotelpalmeral.com\/fr\/wp-json\/wp\/v2\/pages\/2309\/revisions\/2312"}],"wp:attachment":[{"href":"https:\/\/hotelpalmeral.com\/fr\/wp-json\/wp\/v2\/media?parent=2309"}],"curies":[{"name":"wp","href":"https:\/\/api.w.org\/{rel}","templated":true}]}}