{"version":"1.0","provider_name":"Hotel El Palmeral","provider_url":"https:\/\/hotelpalmeral.com\/fr","author_name":"admin_palmeral","author_url":"https:\/\/hotelpalmeral.com\/fr\/author\/admin_palmeral\/","title":"Un plan para San Valent\u00edn en Benidorm - Hotel El Palmeral","type":"rich","width":600,"height":338,"html":"<blockquote class=\"wp-embedded-content\" data-secret=\"zicQ6vwYN2\"><a href=\"https:\/\/hotelpalmeral.com\/fr\/un-plan-para-san-valentin-en-benidorm\/\">Un plan para San Valent\u00edn en Benidorm<\/a><\/blockquote><iframe sandbox=\"allow-scripts\" security=\"restricted\" src=\"https:\/\/hotelpalmeral.com\/fr\/un-plan-para-san-valentin-en-benidorm\/embed\/#?secret=zicQ6vwYN2\" width=\"600\" height=\"338\" title=\"\u00ab\u00a0Un plan para San Valent\u00edn en Benidorm\u00a0\u00bb &#8212; Hotel El Palmeral\" data-secret=\"zicQ6vwYN2\" frameborder=\"0\" marginwidth=\"0\" marginheight=\"0\" scrolling=\"no\" class=\"wp-embedded-content\"><\/iframe><script type=\"text\/javascript\">\n\/* <![CDATA[ *\/\n\/*! This file is auto-generated *\/\n!function(d,l){\"use strict\";l.querySelector&&d.addEventListener&&\"undefined\"!=typeof URL&&(d.wp=d.wp||{},d.wp.receiveEmbedMessage||(d.wp.receiveEmbedMessage=function(e){var t=e.data;if((t||t.secret||t.message||t.value)&&!\/[^a-zA-Z0-9]\/.test(t.secret)){for(var s,r,n,a=l.querySelectorAll('iframe[data-secret=\"'+t.secret+'\"]'),o=l.querySelectorAll('blockquote[data-secret=\"'+t.secret+'\"]'),c=new RegExp(\"^https?:$\",\"i\"),i=0;i<o.length;i++)o[i].style.display=\"none\";for(i=0;i<a.length;i++)s=a[i],e.source===s.contentWindow&&(s.removeAttribute(\"style\"),\"height\"===t.message?(1e3<(r=parseInt(t.value,10))?r=1e3:~~r<200&&(r=200),s.height=r):\"link\"===t.message&&(r=new URL(s.getAttribute(\"src\")),n=new URL(t.value),c.test(n.protocol))&&n.host===r.host&&l.activeElement===s&&(d.top.location.href=t.value))}},d.addEventListener(\"message\",d.wp.receiveEmbedMessage,!1),l.addEventListener(\"DOMContentLoaded\",function(){for(var e,t,s=l.querySelectorAll(\"iframe.wp-embedded-content\"),r=0;r<s.length;r++)(t=(e=s[r]).getAttribute(\"data-secret\"))||(t=Math.random().toString(36).substring(2,12),e.src+=\"#?secret=\"+t,e.setAttribute(\"data-secret\",t)),e.contentWindow.postMessage({message:\"ready\",secret:t},\"*\")},!1)))}(window,document);\n\/\/# sourceURL=https:\/\/hotelpalmeral.com\/wp-includes\/js\/wp-embed.min.js\n\/* ]]> *\/\n<\/script>","description":"Los pr\u00f3xiumos d\u00edas 14,15 y 16 de febrero celebra San Valent\u00edn en la sala de fiestas del Benidorm Palace.En estos d\u00edas tan especiales Paco Arrojo pondr\u00e1 voz al amor.Paco Arrojo es un cantante que ha estado en el programa de \u00abLa voz\u00bb de Telecinco y su coach ha sido\u00a0 David Bisbal.El precio para ver s\u00f3lo [&hellip;]","thumbnail_url":"http:\/\/3.bp.blogspot.com\/-dZceiIaDjwE\/UQJkA-_xv4I\/AAAAAAAADCY\/tWVxS4vR1QQ\/s200\/logo+xmas.png"}