{"version":"1.0","provider_name":"Hotel El Palmeral","provider_url":"https:\/\/hotelpalmeral.com\/en","author_name":"admin_palmeral","author_url":"https:\/\/hotelpalmeral.com\/en\/author\/admin_palmeral\/","title":"Tiempo en Benidorm viernes 27 de julio - Hotel El Palmeral","type":"rich","width":600,"height":338,"html":"<blockquote class=\"wp-embedded-content\" data-secret=\"1q4GYod0VJ\"><a href=\"https:\/\/hotelpalmeral.com\/en\/tiempo-en-benidorm-viernes-27-de-julio\/\">Tiempo en Benidorm viernes 27 de julio<\/a><\/blockquote><iframe sandbox=\"allow-scripts\" security=\"restricted\" src=\"https:\/\/hotelpalmeral.com\/en\/tiempo-en-benidorm-viernes-27-de-julio\/embed\/#?secret=1q4GYod0VJ\" width=\"600\" height=\"338\" title=\"&#8220;Tiempo en Benidorm viernes 27 de julio&#8221; &#8212; Hotel El Palmeral\" data-secret=\"1q4GYod0VJ\" frameborder=\"0\" marginwidth=\"0\" marginheight=\"0\" scrolling=\"no\" class=\"wp-embedded-content\"><\/iframe><script type=\"text\/javascript\">\n\/* <![CDATA[ *\/\n\/*! This file is auto-generated *\/\n!function(d,l){\"use strict\";l.querySelector&&d.addEventListener&&\"undefined\"!=typeof URL&&(d.wp=d.wp||{},d.wp.receiveEmbedMessage||(d.wp.receiveEmbedMessage=function(e){var t=e.data;if((t||t.secret||t.message||t.value)&&!\/[^a-zA-Z0-9]\/.test(t.secret)){for(var s,r,n,a=l.querySelectorAll('iframe[data-secret=\"'+t.secret+'\"]'),o=l.querySelectorAll('blockquote[data-secret=\"'+t.secret+'\"]'),c=new RegExp(\"^https?:$\",\"i\"),i=0;i<o.length;i++)o[i].style.display=\"none\";for(i=0;i<a.length;i++)s=a[i],e.source===s.contentWindow&&(s.removeAttribute(\"style\"),\"height\"===t.message?(1e3<(r=parseInt(t.value,10))?r=1e3:~~r<200&&(r=200),s.height=r):\"link\"===t.message&&(r=new URL(s.getAttribute(\"src\")),n=new URL(t.value),c.test(n.protocol))&&n.host===r.host&&l.activeElement===s&&(d.top.location.href=t.value))}},d.addEventListener(\"message\",d.wp.receiveEmbedMessage,!1),l.addEventListener(\"DOMContentLoaded\",function(){for(var e,t,s=l.querySelectorAll(\"iframe.wp-embedded-content\"),r=0;r<s.length;r++)(t=(e=s[r]).getAttribute(\"data-secret\"))||(t=Math.random().toString(36).substring(2,12),e.src+=\"#?secret=\"+t,e.setAttribute(\"data-secret\",t)),e.contentWindow.postMessage({message:\"ready\",secret:t},\"*\")},!1)))}(window,document);\n\/\/# sourceURL=https:\/\/hotelpalmeral.com\/wp-includes\/js\/wp-embed.min.js\n\/* ]]> *\/\n<\/script>","description":"Hoy seguirmos cuando un d\u00eda raro despu\u00e9s de que ayer a \u00faltima hora de la tarde lloviera (sorprendente para ser Benidorm y julio).Hace un d\u00eda con mucho calor. El termometro marca 31\u00baC. Sin embargo parece que hace m\u00e1s calor. Hay como un efecto calima.El cielo est\u00e1 como con una especie de niebla, pero sin una [&hellip;]","thumbnail_url":"http:\/\/4.bp.blogspot.com\/-mvd04AaWKGM\/UBKH1RBwIQI\/AAAAAAAABwo\/7OesROHR8oU\/s200\/logo+xmas.png"}