{"version":"1.0","provider_name":"Hotel El Palmeral","provider_url":"https:\/\/hotelpalmeral.com\/en","author_name":"admin_palmeral","author_url":"https:\/\/hotelpalmeral.com\/en\/author\/admin_palmeral\/","title":"Tiempo en Benidorm a 23 marzo 2011 - Hotel El Palmeral","type":"rich","width":600,"height":338,"html":"<blockquote class=\"wp-embedded-content\" data-secret=\"cat8FWsGqN\"><a href=\"https:\/\/hotelpalmeral.com\/en\/tiempo-en-benidorm-a-23-marzo-2011\/\">Tiempo en Benidorm a 23 marzo 2011<\/a><\/blockquote><iframe sandbox=\"allow-scripts\" security=\"restricted\" src=\"https:\/\/hotelpalmeral.com\/en\/tiempo-en-benidorm-a-23-marzo-2011\/embed\/#?secret=cat8FWsGqN\" width=\"600\" height=\"338\" title=\"&#8220;Tiempo en Benidorm a 23 marzo 2011&#8221; &#8212; Hotel El Palmeral\" data-secret=\"cat8FWsGqN\" frameborder=\"0\" marginwidth=\"0\" marginheight=\"0\" scrolling=\"no\" class=\"wp-embedded-content\"><\/iframe><script type=\"text\/javascript\">\n\/* <![CDATA[ *\/\n\/*! This file is auto-generated *\/\n!function(d,l){\"use strict\";l.querySelector&&d.addEventListener&&\"undefined\"!=typeof URL&&(d.wp=d.wp||{},d.wp.receiveEmbedMessage||(d.wp.receiveEmbedMessage=function(e){var t=e.data;if((t||t.secret||t.message||t.value)&&!\/[^a-zA-Z0-9]\/.test(t.secret)){for(var s,r,n,a=l.querySelectorAll('iframe[data-secret=\"'+t.secret+'\"]'),o=l.querySelectorAll('blockquote[data-secret=\"'+t.secret+'\"]'),c=new RegExp(\"^https?:$\",\"i\"),i=0;i<o.length;i++)o[i].style.display=\"none\";for(i=0;i<a.length;i++)s=a[i],e.source===s.contentWindow&&(s.removeAttribute(\"style\"),\"height\"===t.message?(1e3<(r=parseInt(t.value,10))?r=1e3:~~r<200&&(r=200),s.height=r):\"link\"===t.message&&(r=new URL(s.getAttribute(\"src\")),n=new URL(t.value),c.test(n.protocol))&&n.host===r.host&&l.activeElement===s&&(d.top.location.href=t.value))}},d.addEventListener(\"message\",d.wp.receiveEmbedMessage,!1),l.addEventListener(\"DOMContentLoaded\",function(){for(var e,t,s=l.querySelectorAll(\"iframe.wp-embedded-content\"),r=0;r<s.length;r++)(t=(e=s[r]).getAttribute(\"data-secret\"))||(t=Math.random().toString(36).substring(2,12),e.src+=\"#?secret=\"+t,e.setAttribute(\"data-secret\",t)),e.contentWindow.postMessage({message:\"ready\",secret:t},\"*\")},!1)))}(window,document);\n\/\/# sourceURL=https:\/\/hotelpalmeral.com\/wp-includes\/js\/wp-embed.min.js\n\/* ]]> *\/\n<\/script>","description":"Buenos d\u00edas a todos!Amanece gris y con lluvia en Benidorm.\u00a0No es un buen d\u00eda para salir a pasear.Con suerte, el fin de semana el tiempo ya est\u00e1 arreglado.Os adjuntamos foto de\u00f1 d\u00eda de hoy para que lo v\u00e9ais con vuetsros ojos.Y que no nos lo cuenten.Un saludoHotel el Palmeral, Hotel La Cala Benidorm","thumbnail_url":"https:\/\/lh4.googleusercontent.com\/-csUT5_OLImE\/TYnFClTQwCI\/AAAAAAAAAyY\/kDZS8Ekk4xI\/s320\/playa+benidorm.jpg"}