{"version":"1.0","provider_name":"Hotel El Palmeral","provider_url":"https:\/\/hotelpalmeral.com\/en","author_name":"admin_palmeral","author_url":"https:\/\/hotelpalmeral.com\/en\/author\/admin_palmeral\/","title":"San Valent\u00edn en Benidorm - Hotel El Palmeral","type":"rich","width":600,"height":338,"html":"<blockquote class=\"wp-embedded-content\" data-secret=\"AkPpsfvSbS\"><a href=\"https:\/\/hotelpalmeral.com\/en\/san-valentin-en-benidorm\/\">San Valent\u00edn en Benidorm<\/a><\/blockquote><iframe sandbox=\"allow-scripts\" security=\"restricted\" src=\"https:\/\/hotelpalmeral.com\/en\/san-valentin-en-benidorm\/embed\/#?secret=AkPpsfvSbS\" width=\"600\" height=\"338\" title=\"&#8220;San Valent\u00edn en Benidorm&#8221; &#8212; Hotel El Palmeral\" data-secret=\"AkPpsfvSbS\" frameborder=\"0\" marginwidth=\"0\" marginheight=\"0\" scrolling=\"no\" class=\"wp-embedded-content\"><\/iframe><script type=\"text\/javascript\">\n\/* <![CDATA[ *\/\n\/*! This file is auto-generated *\/\n!function(d,l){\"use strict\";l.querySelector&&d.addEventListener&&\"undefined\"!=typeof URL&&(d.wp=d.wp||{},d.wp.receiveEmbedMessage||(d.wp.receiveEmbedMessage=function(e){var t=e.data;if((t||t.secret||t.message||t.value)&&!\/[^a-zA-Z0-9]\/.test(t.secret)){for(var s,r,n,a=l.querySelectorAll('iframe[data-secret=\"'+t.secret+'\"]'),o=l.querySelectorAll('blockquote[data-secret=\"'+t.secret+'\"]'),c=new RegExp(\"^https?:$\",\"i\"),i=0;i<o.length;i++)o[i].style.display=\"none\";for(i=0;i<a.length;i++)s=a[i],e.source===s.contentWindow&&(s.removeAttribute(\"style\"),\"height\"===t.message?(1e3<(r=parseInt(t.value,10))?r=1e3:~~r<200&&(r=200),s.height=r):\"link\"===t.message&&(r=new URL(s.getAttribute(\"src\")),n=new URL(t.value),c.test(n.protocol))&&n.host===r.host&&l.activeElement===s&&(d.top.location.href=t.value))}},d.addEventListener(\"message\",d.wp.receiveEmbedMessage,!1),l.addEventListener(\"DOMContentLoaded\",function(){for(var e,t,s=l.querySelectorAll(\"iframe.wp-embedded-content\"),r=0;r<s.length;r++)(t=(e=s[r]).getAttribute(\"data-secret\"))||(t=Math.random().toString(36).substring(2,12),e.src+=\"#?secret=\"+t,e.setAttribute(\"data-secret\",t)),e.contentWindow.postMessage({message:\"ready\",secret:t},\"*\")},!1)))}(window,document);\n\/\/# sourceURL=https:\/\/hotelpalmeral.com\/wp-includes\/js\/wp-embed.min.js\n\/* ]]> *\/\n<\/script>","description":"Nos hemos enterado de una cena de San valent\u00edn que puede resultar interesante si est\u00e1is en Benidorm durante esas fechas.Las Comisi\u00f3n de fiestas patronales organiza una cena de San valent\u00edn el d\u00eda 12 de febrero para recaudar fondos para las Fiestas Mayores.La cena tendr\u00e1 lugar en el hotel Marina, a las 21:30h\u00a0el d\u00eda 12 de [&hellip;]","thumbnail_url":"http:\/\/1.bp.blogspot.com\/_uAb74coQKdg\/TU1PDMbEj2I\/AAAAAAAAAxQ\/Xzv-hvF_tVw\/s640\/san+valentin+benidorm.bmp"}